{"id":33,"date":"2016-09-23T16:27:54","date_gmt":"2016-09-23T14:27:54","guid":{"rendered":"https:\/\/www.fregate-aero.com\/?page_id=27"},"modified":"2024-09-25T08:10:11","modified_gmt":"2024-09-25T06:10:11","slug":"equipe-fregate-aero","status":"publish","type":"page","link":"https:\/\/www.groupe-fregate.com\/equipe-fregate-aero\/","title":{"rendered":"\u00c9quipe"},"content":{"rendered":"\n<div class=\"wp-block-columns is-layout-flex wp-container-core-columns-is-layout-9d6595d7 wp-block-columns-is-layout-flex\">\n<div class=\"wp-block-column is-layout-flow wp-block-column-is-layout-flow\" style=\"flex-basis:33.33%\">\n<figure class=\"wp-block-image size-full is-resized\"><img decoding=\"async\" src=\"https:\/\/www.fregate-aero.com\/wp-content\/uploads\/2019\/10\/F-Guimbal.jpg\" alt=\"\" class=\"wp-image-2269\" style=\"width:150px;height:150px\"\/><\/figure>\n<\/div>\n\n\n\n<div class=\"wp-block-column is-vertically-aligned-center is-layout-flow wp-block-column-is-layout-flow\" style=\"flex-basis:66.66%\">\n<p class=\"has-subtle-background-background-color has-background\"><strong>Pr\u00e9sidence<\/strong><br>Fr\u00e9d\u00e9ric GUIMBAL<br>Ing\u00e9nieur Arts &amp; M\u00e9tiers<\/p>\n<\/div>\n<\/div>\n\n\n\n<div class=\"wp-block-columns is-layout-flex wp-container-core-columns-is-layout-9d6595d7 wp-block-columns-is-layout-flex\">\n<div class=\"wp-block-column is-layout-flow wp-block-column-is-layout-flow\" style=\"flex-basis:33.33%\">\n<figure class=\"wp-block-image size-full is-resized\"><img decoding=\"async\" src=\"https:\/\/www.fregate-aero.com\/wp-content\/uploads\/2019\/10\/T-Hermann.jpg\" alt=\"\" class=\"wp-image-2273\" style=\"width:150px;height:150px\"\/><\/figure>\n<\/div>\n\n\n\n<div class=\"wp-block-column is-vertically-aligned-center is-layout-flow wp-block-column-is-layout-flow\" style=\"flex-basis:66.66%\">\n<p class=\"has-subtle-background-background-color has-background\"><strong><strong>Directeur op\u00e9rationnel \/ COO<br><\/strong><\/strong>Thierry HERRMANN<\/p>\n<\/div>\n<\/div>\n\n\n\n<div class=\"wp-block-columns is-layout-flex wp-container-core-columns-is-layout-9d6595d7 wp-block-columns-is-layout-flex\">\n<div class=\"wp-block-column is-layout-flow wp-block-column-is-layout-flow\" style=\"flex-basis:33.33%\">\n<figure class=\"wp-block-image size-full is-resized\"><img decoding=\"async\" src=\"https:\/\/www.fregate-aero.com\/wp-content\/uploads\/2019\/10\/A-Perez.jpg\" alt=\"\" class=\"wp-image-2263\" style=\"width:150px;height:150px\"\/><\/figure>\n<\/div>\n\n\n\n<div class=\"wp-block-column is-vertically-aligned-center is-layout-flow wp-block-column-is-layout-flow\" style=\"flex-basis:66.66%\">\n<p class=\"has-subtle-background-background-color has-background\"><strong><strong>Ressources Humaines<\/strong><br><\/strong>Agn\u00e8s PEREZ<\/p>\n<\/div>\n<\/div>\n\n\n\n<div class=\"wp-block-columns is-layout-flex wp-container-core-columns-is-layout-9d6595d7 wp-block-columns-is-layout-flex\">\n<div class=\"wp-block-column is-layout-flow wp-block-column-is-layout-flow\" style=\"flex-basis:33.33%\">\n<figure class=\"wp-block-image size-full is-resized\"><img decoding=\"async\" src=\"https:\/\/www.fregate-aero.com\/wp-content\/uploads\/2023\/04\/M.Bordes.jpg\" alt=\"\" class=\"wp-image-5787\" style=\"width:150px;height:150px\"\/><\/figure>\n<\/div>\n\n\n\n<div class=\"wp-block-column is-vertically-aligned-center is-layout-flow wp-block-column-is-layout-flow\" style=\"flex-basis:66.66%\">\n<p class=\"has-subtle-background-background-color has-background\"><strong>Responsable Qualit\u00e9 Syst\u00e8me<\/strong><br>Marlaine BORDES<\/p>\n<\/div>\n<\/div>\n\n\n\n<div class=\"wp-block-columns is-layout-flex wp-container-core-columns-is-layout-9d6595d7 wp-block-columns-is-layout-flex\">\n<div class=\"wp-block-column is-layout-flow wp-block-column-is-layout-flow\" style=\"flex-basis:33.33%\">\n<figure class=\"wp-block-image size-full is-resized\"><img decoding=\"async\" src=\"https:\/\/www.fregate-aero.com\/wp-content\/uploads\/2023\/04\/A.Marin_.jpg\" alt=\"\" class=\"wp-image-5786\" style=\"width:150px;height:150px\"\/><\/figure>\n<\/div>\n\n\n\n<div class=\"wp-block-column is-vertically-aligned-center is-layout-flow wp-block-column-is-layout-flow\" style=\"flex-basis:66.66%\">\n<p class=\"has-subtle-background-background-color has-background\"><strong>Responsable Industrialisation<br><\/strong>Aurore MARIN<\/p>\n<\/div>\n<\/div>\n\n\n\n<div class=\"wp-block-columns is-layout-flex wp-container-core-columns-is-layout-9d6595d7 wp-block-columns-is-layout-flex\">\n<div class=\"wp-block-column is-layout-flow wp-block-column-is-layout-flow\" style=\"flex-basis:33.33%\">\n<figure class=\"wp-block-image size-full is-resized\"><img decoding=\"async\" src=\"https:\/\/www.fregate-aero.com\/wp-content\/uploads\/2019\/10\/A-Burais.jpg\" alt=\"\" class=\"wp-image-2262\" style=\"width:150px;height:150px\"\/><\/figure>\n<\/div>\n\n\n\n<div class=\"wp-block-column is-vertically-aligned-center is-layout-flow wp-block-column-is-layout-flow\" style=\"flex-basis:66.66%\">\n<p class=\"has-subtle-background-background-color has-background\"><strong>Commercial<\/strong><br>Alexandre BURAIS<\/p>\n<\/div>\n<\/div>\n\n\n\n<div class=\"wp-block-columns is-layout-flex wp-container-core-columns-is-layout-9d6595d7 wp-block-columns-is-layout-flex\">\n<div class=\"wp-block-column is-layout-flow wp-block-column-is-layout-flow\" style=\"flex-basis:33.33%\">\n<figure class=\"wp-block-image size-full is-resized\"><img decoding=\"async\" src=\"https:\/\/www.fregate-aero.com\/wp-content\/uploads\/2019\/10\/A-Ponson.jpg\" alt=\"\" class=\"wp-image-2264\" style=\"width:150px;height:150px\"\/><\/figure>\n<\/div>\n\n\n\n<div class=\"wp-block-column is-vertically-aligned-center is-layout-flow wp-block-column-is-layout-flow\" style=\"flex-basis:66.66%\">\n<p class=\"has-subtle-background-background-color has-background\"><strong>In<strong>dustrialisation<\/strong><br><\/strong>Anthony PONSON<\/p>\n<\/div>\n<\/div>\n\n\n\n<div class=\"wp-block-columns is-layout-flex wp-container-core-columns-is-layout-9d6595d7 wp-block-columns-is-layout-flex\">\n<div class=\"wp-block-column is-layout-flow wp-block-column-is-layout-flow\" style=\"flex-basis:33.33%\">\n<figure class=\"wp-block-image size-full is-resized\"><img decoding=\"async\" src=\"https:\/\/www.fregate-aero.com\/wp-content\/uploads\/2019\/10\/D-Vidil.jpg\" alt=\"\" class=\"wp-image-2266\" style=\"width:150px;height:150px\"\/><\/figure>\n<\/div>\n\n\n\n<div class=\"wp-block-column is-vertically-aligned-center is-layout-flow wp-block-column-is-layout-flow\" style=\"flex-basis:66.66%\">\n<p class=\"has-subtle-background-background-color has-background\"><strong><strong>Bureau d&rsquo;Etudes &amp; Outillages<\/strong><br><\/strong>Dimitri VIDIL<\/p>\n<\/div>\n<\/div>\n\n\n\n<div class=\"wp-block-columns is-layout-flex wp-container-core-columns-is-layout-9d6595d7 wp-block-columns-is-layout-flex\">\n<div class=\"wp-block-column is-layout-flow wp-block-column-is-layout-flow\" style=\"flex-basis:33.33%\">\n<figure class=\"wp-block-image size-full is-resized\"><img decoding=\"async\" src=\"https:\/\/www.fregate-aero.com\/wp-content\/uploads\/2019\/10\/E-Charroud.jpg\" alt=\"\" class=\"wp-image-2267\" style=\"width:150px;height:150px\"\/><\/figure>\n<\/div>\n\n\n\n<div class=\"wp-block-column is-vertically-aligned-center is-layout-flow wp-block-column-is-layout-flow\" style=\"flex-basis:66.66%\">\n<p class=\"has-subtle-background-background-color has-background\"><strong>S<strong>upply Chain<br><\/strong><\/strong>Emilie CHARROUD<\/p>\n<\/div>\n<\/div>\n\n\n\n<div class=\"wp-block-columns is-layout-flex wp-container-core-columns-is-layout-9d6595d7 wp-block-columns-is-layout-flex\">\n<div class=\"wp-block-column is-layout-flow wp-block-column-is-layout-flow\" style=\"flex-basis:33.33%\">\n<figure class=\"wp-block-image size-full is-resized\"><img decoding=\"async\" src=\"https:\/\/www.fregate-aero.com\/wp-content\/uploads\/2019\/10\/R-Fauvel.jpg\" alt=\"\" class=\"wp-image-2272\" style=\"width:150px;height:150px\"\/><\/figure>\n<\/div>\n\n\n\n<div class=\"wp-block-column is-vertically-aligned-center is-layout-flow wp-block-column-is-layout-flow\" style=\"flex-basis:66.66%\">\n<p class=\"has-subtle-background-background-color has-background\"><strong>Achats<br><\/strong>Ronan FAUVEL<\/p>\n<\/div>\n<\/div>\n\n\n\n<div class=\"wp-block-columns is-layout-flex wp-container-core-columns-is-layout-9d6595d7 wp-block-columns-is-layout-flex\">\n<div class=\"wp-block-column is-layout-flow wp-block-column-is-layout-flow\" style=\"flex-basis:33.33%\">\n<figure class=\"wp-block-image size-full is-resized\"><img decoding=\"async\" src=\"https:\/\/www.fregate-aero.com\/wp-content\/uploads\/2019\/10\/F-Dumas.jpg\" alt=\"\" class=\"wp-image-2268\" style=\"width:150px;height:150px\"\/><\/figure>\n<\/div>\n\n\n\n<div class=\"wp-block-column is-vertically-aligned-center is-layout-flow wp-block-column-is-layout-flow\" style=\"flex-basis:66.66%\">\n<p class=\"has-subtle-background-background-color has-background\"><strong>M\u00e9thodes et Performance industrielle<br><\/strong>Fran\u00e7ois DUMAS<\/p>\n<\/div>\n<\/div>\n\n\n\n<p><\/p>\n","protected":false},"excerpt":{"rendered":"<p>Pr\u00e9sidenceFr\u00e9d\u00e9ric GUIMBALIng\u00e9nieur Arts &amp; M\u00e9tiers Directeur op\u00e9rationnel \/ COOThierry HERRMANN Ressources HumainesAgn\u00e8s PEREZ Responsable Qualit\u00e9 Syst\u00e8meMarlaine BORDES Responsable IndustrialisationAurore MARIN CommercialAlexandre BURAIS IndustrialisationAnthony PONSON Bureau d&rsquo;Etudes &amp; OutillagesDimitri VIDIL Supply ChainEmilie CHARROUD AchatsRonan FAUVEL M\u00e9thodes et Performance industrielleFran\u00e7ois DUMAS<\/p>\n","protected":false},"author":1,"featured_media":0,"parent":0,"menu_order":0,"comment_status":"closed","ping_status":"closed","template":"","meta":{"footnotes":""},"class_list":["post-33","page","type-page","status-publish","hentry"],"yoast_head":"<!-- This site is optimized with the Yoast SEO plugin v27.1.1 - https:\/\/yoast.com\/product\/yoast-seo-wordpress\/ -->\n<title>\u00c9quipe - GROUPE FREGATE<\/title>\n<meta name=\"robots\" content=\"index, follow, max-snippet:-1, max-image-preview:large, max-video-preview:-1\" \/>\n<link rel=\"canonical\" href=\"https:\/\/www.groupe-fregate.com\/equipe-fregate-aero\/\" \/>\n<meta property=\"og:locale\" content=\"fr_FR\" \/>\n<meta property=\"og:type\" content=\"article\" \/>\n<meta property=\"og:title\" content=\"\u00c9quipe - GROUPE FREGATE\" \/>\n<meta property=\"og:description\" content=\"Pr\u00e9sidenceFr\u00e9d\u00e9ric GUIMBALIng\u00e9nieur Arts &amp; M\u00e9tiers Directeur op\u00e9rationnel \/ COOThierry HERRMANN Ressources HumainesAgn\u00e8s PEREZ Responsable Qualit\u00e9 Syst\u00e8meMarlaine BORDES Responsable IndustrialisationAurore MARIN CommercialAlexandre BURAIS IndustrialisationAnthony PONSON Bureau d&rsquo;Etudes &amp; OutillagesDimitri VIDIL Supply ChainEmilie CHARROUD AchatsRonan FAUVEL M\u00e9thodes et Performance industrielleFran\u00e7ois DUMAS\" \/>\n<meta property=\"og:url\" content=\"https:\/\/www.groupe-fregate.com\/equipe-fregate-aero\/\" \/>\n<meta property=\"og:site_name\" content=\"GROUPE FREGATE\" \/>\n<meta property=\"article:modified_time\" content=\"2024-09-25T06:10:11+00:00\" \/>\n<meta property=\"og:image\" content=\"https:\/\/www.fregate-aero.com\/wp-content\/uploads\/2019\/10\/F-Guimbal.jpg\" \/>\n<meta name=\"twitter:card\" content=\"summary_large_image\" \/>\n<meta name=\"twitter:label1\" content=\"Dur\u00e9e de lecture estim\u00e9e\" \/>\n\t<meta name=\"twitter:data1\" content=\"3 minutes\" \/>\n<script type=\"application\/ld+json\" class=\"yoast-schema-graph\">{\"@context\":\"https:\/\/schema.org\",\"@graph\":[{\"@type\":\"WebPage\",\"@id\":\"https:\/\/www.groupe-fregate.com\/equipe-fregate-aero\/\",\"url\":\"https:\/\/www.groupe-fregate.com\/equipe-fregate-aero\/\",\"name\":\"\u00c9quipe - GROUPE FREGATE\",\"isPartOf\":{\"@id\":\"https:\/\/www.groupe-fregate.com\/#website\"},\"primaryImageOfPage\":{\"@id\":\"https:\/\/www.groupe-fregate.com\/equipe-fregate-aero\/#primaryimage\"},\"image\":{\"@id\":\"https:\/\/www.groupe-fregate.com\/equipe-fregate-aero\/#primaryimage\"},\"thumbnailUrl\":\"https:\/\/www.fregate-aero.com\/wp-content\/uploads\/2019\/10\/F-Guimbal.jpg\",\"datePublished\":\"2016-09-23T14:27:54+00:00\",\"dateModified\":\"2024-09-25T06:10:11+00:00\",\"breadcrumb\":{\"@id\":\"https:\/\/www.groupe-fregate.com\/equipe-fregate-aero\/#breadcrumb\"},\"inLanguage\":\"fr-FR\",\"potentialAction\":[{\"@type\":\"ReadAction\",\"target\":[\"https:\/\/www.groupe-fregate.com\/equipe-fregate-aero\/\"]}]},{\"@type\":\"ImageObject\",\"inLanguage\":\"fr-FR\",\"@id\":\"https:\/\/www.groupe-fregate.com\/equipe-fregate-aero\/#primaryimage\",\"url\":\"https:\/\/www.fregate-aero.com\/wp-content\/uploads\/2019\/10\/F-Guimbal.jpg\",\"contentUrl\":\"https:\/\/www.fregate-aero.com\/wp-content\/uploads\/2019\/10\/F-Guimbal.jpg\"},{\"@type\":\"BreadcrumbList\",\"@id\":\"https:\/\/www.groupe-fregate.com\/equipe-fregate-aero\/#breadcrumb\",\"itemListElement\":[{\"@type\":\"ListItem\",\"position\":1,\"name\":\"Accueil\",\"item\":\"https:\/\/www.groupe-fregate.com\/\"},{\"@type\":\"ListItem\",\"position\":2,\"name\":\"\u00c9quipe\"}]},{\"@type\":\"WebSite\",\"@id\":\"https:\/\/www.groupe-fregate.com\/#website\",\"url\":\"https:\/\/www.groupe-fregate.com\/\",\"name\":\"GROUPE FREGATE\",\"description\":\"\",\"publisher\":{\"@id\":\"https:\/\/www.groupe-fregate.com\/#organization\"},\"potentialAction\":[{\"@type\":\"SearchAction\",\"target\":{\"@type\":\"EntryPoint\",\"urlTemplate\":\"https:\/\/www.groupe-fregate.com\/?s={search_term_string}\"},\"query-input\":{\"@type\":\"PropertyValueSpecification\",\"valueRequired\":true,\"valueName\":\"search_term_string\"}}],\"inLanguage\":\"fr-FR\"},{\"@type\":\"Organization\",\"@id\":\"https:\/\/www.groupe-fregate.com\/#organization\",\"name\":\"GROUPE FREGATE\",\"url\":\"https:\/\/www.groupe-fregate.com\/\",\"logo\":{\"@type\":\"ImageObject\",\"inLanguage\":\"fr-FR\",\"@id\":\"https:\/\/www.groupe-fregate.com\/#\/schema\/logo\/image\/\",\"url\":\"https:\/\/www.groupe-fregate.com\/wp-content\/uploads\/2021\/12\/cropped-LOGO-GROUPE-FREGATE-2-2.png\",\"contentUrl\":\"https:\/\/www.groupe-fregate.com\/wp-content\/uploads\/2021\/12\/cropped-LOGO-GROUPE-FREGATE-2-2.png\",\"width\":865,\"height\":274,\"caption\":\"GROUPE FREGATE\"},\"image\":{\"@id\":\"https:\/\/www.groupe-fregate.com\/#\/schema\/logo\/image\/\"}}]}<\/script>\n<!-- \/ Yoast SEO plugin. -->","yoast_head_json":{"title":"\u00c9quipe - GROUPE FREGATE","robots":{"index":"index","follow":"follow","max-snippet":"max-snippet:-1","max-image-preview":"max-image-preview:large","max-video-preview":"max-video-preview:-1"},"canonical":"https:\/\/www.groupe-fregate.com\/equipe-fregate-aero\/","og_locale":"fr_FR","og_type":"article","og_title":"\u00c9quipe - GROUPE FREGATE","og_description":"Pr\u00e9sidenceFr\u00e9d\u00e9ric GUIMBALIng\u00e9nieur Arts &amp; M\u00e9tiers Directeur op\u00e9rationnel \/ COOThierry HERRMANN Ressources HumainesAgn\u00e8s PEREZ Responsable Qualit\u00e9 Syst\u00e8meMarlaine BORDES Responsable IndustrialisationAurore MARIN CommercialAlexandre BURAIS IndustrialisationAnthony PONSON Bureau d&rsquo;Etudes &amp; OutillagesDimitri VIDIL Supply ChainEmilie CHARROUD AchatsRonan FAUVEL M\u00e9thodes et Performance industrielleFran\u00e7ois DUMAS","og_url":"https:\/\/www.groupe-fregate.com\/equipe-fregate-aero\/","og_site_name":"GROUPE FREGATE","article_modified_time":"2024-09-25T06:10:11+00:00","og_image":[{"url":"https:\/\/www.fregate-aero.com\/wp-content\/uploads\/2019\/10\/F-Guimbal.jpg","type":"","width":"","height":""}],"twitter_card":"summary_large_image","twitter_misc":{"Dur\u00e9e de lecture estim\u00e9e":"3 minutes"},"schema":{"@context":"https:\/\/schema.org","@graph":[{"@type":"WebPage","@id":"https:\/\/www.groupe-fregate.com\/equipe-fregate-aero\/","url":"https:\/\/www.groupe-fregate.com\/equipe-fregate-aero\/","name":"\u00c9quipe - GROUPE FREGATE","isPartOf":{"@id":"https:\/\/www.groupe-fregate.com\/#website"},"primaryImageOfPage":{"@id":"https:\/\/www.groupe-fregate.com\/equipe-fregate-aero\/#primaryimage"},"image":{"@id":"https:\/\/www.groupe-fregate.com\/equipe-fregate-aero\/#primaryimage"},"thumbnailUrl":"https:\/\/www.fregate-aero.com\/wp-content\/uploads\/2019\/10\/F-Guimbal.jpg","datePublished":"2016-09-23T14:27:54+00:00","dateModified":"2024-09-25T06:10:11+00:00","breadcrumb":{"@id":"https:\/\/www.groupe-fregate.com\/equipe-fregate-aero\/#breadcrumb"},"inLanguage":"fr-FR","potentialAction":[{"@type":"ReadAction","target":["https:\/\/www.groupe-fregate.com\/equipe-fregate-aero\/"]}]},{"@type":"ImageObject","inLanguage":"fr-FR","@id":"https:\/\/www.groupe-fregate.com\/equipe-fregate-aero\/#primaryimage","url":"https:\/\/www.fregate-aero.com\/wp-content\/uploads\/2019\/10\/F-Guimbal.jpg","contentUrl":"https:\/\/www.fregate-aero.com\/wp-content\/uploads\/2019\/10\/F-Guimbal.jpg"},{"@type":"BreadcrumbList","@id":"https:\/\/www.groupe-fregate.com\/equipe-fregate-aero\/#breadcrumb","itemListElement":[{"@type":"ListItem","position":1,"name":"Accueil","item":"https:\/\/www.groupe-fregate.com\/"},{"@type":"ListItem","position":2,"name":"\u00c9quipe"}]},{"@type":"WebSite","@id":"https:\/\/www.groupe-fregate.com\/#website","url":"https:\/\/www.groupe-fregate.com\/","name":"GROUPE FREGATE","description":"","publisher":{"@id":"https:\/\/www.groupe-fregate.com\/#organization"},"potentialAction":[{"@type":"SearchAction","target":{"@type":"EntryPoint","urlTemplate":"https:\/\/www.groupe-fregate.com\/?s={search_term_string}"},"query-input":{"@type":"PropertyValueSpecification","valueRequired":true,"valueName":"search_term_string"}}],"inLanguage":"fr-FR"},{"@type":"Organization","@id":"https:\/\/www.groupe-fregate.com\/#organization","name":"GROUPE FREGATE","url":"https:\/\/www.groupe-fregate.com\/","logo":{"@type":"ImageObject","inLanguage":"fr-FR","@id":"https:\/\/www.groupe-fregate.com\/#\/schema\/logo\/image\/","url":"https:\/\/www.groupe-fregate.com\/wp-content\/uploads\/2021\/12\/cropped-LOGO-GROUPE-FREGATE-2-2.png","contentUrl":"https:\/\/www.groupe-fregate.com\/wp-content\/uploads\/2021\/12\/cropped-LOGO-GROUPE-FREGATE-2-2.png","width":865,"height":274,"caption":"GROUPE FREGATE"},"image":{"@id":"https:\/\/www.groupe-fregate.com\/#\/schema\/logo\/image\/"}}]}},"_links":{"self":[{"href":"https:\/\/www.groupe-fregate.com\/wpuiuhuxhn4578-json\/wp\/v2\/pages\/33","targetHints":{"allow":["GET"]}}],"collection":[{"href":"https:\/\/www.groupe-fregate.com\/wpuiuhuxhn4578-json\/wp\/v2\/pages"}],"about":[{"href":"https:\/\/www.groupe-fregate.com\/wpuiuhuxhn4578-json\/wp\/v2\/types\/page"}],"author":[{"embeddable":true,"href":"https:\/\/www.groupe-fregate.com\/wpuiuhuxhn4578-json\/wp\/v2\/users\/1"}],"replies":[{"embeddable":true,"href":"https:\/\/www.groupe-fregate.com\/wpuiuhuxhn4578-json\/wp\/v2\/comments?post=33"}],"version-history":[{"count":4,"href":"https:\/\/www.groupe-fregate.com\/wpuiuhuxhn4578-json\/wp\/v2\/pages\/33\/revisions"}],"predecessor-version":[{"id":6921,"href":"https:\/\/www.groupe-fregate.com\/wpuiuhuxhn4578-json\/wp\/v2\/pages\/33\/revisions\/6921"}],"wp:attachment":[{"href":"https:\/\/www.groupe-fregate.com\/wpuiuhuxhn4578-json\/wp\/v2\/media?parent=33"}],"curies":[{"name":"wp","href":"https:\/\/api.w.org\/{rel}","templated":true}]}}